{"id":68,"date":"2023-04-02T21:07:36","date_gmt":"2023-04-02T19:07:36","guid":{"rendered":"https:\/\/www.jf.cz\/?page_id=68"},"modified":"2024-03-16T18:51:59","modified_gmt":"2024-03-16T17:51:59","slug":"ke-stazeni","status":"publish","type":"page","link":"https:\/\/www.jf.cz\/?page_id=68","title":{"rendered":"Ke sta\u017een\u00ed"},"content":{"rendered":"\n<p>N\u00e1sleduj\u00edc\u00ed pov\u00eddky jsou zdarma ke sta\u017een\u00ed. Lze je \u010d\u00edst i bez znalosti p\u0159\u00edslu\u0161n\u00fdch knih, ale p\u0159irozen\u011b obsahuj\u00ed odkazy na jejich d\u011bj, postavy i m\u00edsta.<\/p>\n\n\n\n<p class=\"has-light-gray-background-color has-background\">Text je form\u00e1tov\u00e1n pro pou\u017eit\u00ed na <strong>mobiln\u00edch za\u0159\u00edzen\u00edch<\/strong> (str\u00e1nka A6 a \u00fazk\u00e9 okraje). <strong>Doba \u010dten\u00ed:<\/strong> pro zku\u0161en\u00e9ho (200 slov\/minuta)  a pr\u016fm\u011brn\u00e9ho \u010dten\u00e1\u0159e (100 slov\/minuta).<\/p>\n\n\n\n<h2 class=\"wp-block-heading\">Pov\u00eddky spjat\u00e9 s knihou \u201eVe slu\u017eb\u00e1ch kr\u00e1le\u201c<\/h2>\n\n\n\n<p>Pov\u00eddky, jejich\u017e hrdinou je Vladislav a jeho p\u0159\u00e1tel\u00e9 v\u010detn\u011b jeho b\u011blky Krasavice. Pov\u00eddky jsou \u0159azeny podle jejich intern\u00ed chronologie a ve vztahu ke kapitol\u00e1m knihy.<\/p>\n\n\n\n<h3 class=\"wp-block-heading\">1. Ve slu\u017eb\u00e1ch kr\u00e1le: Nikdy neodm\u00edtej l\u00e1sku<\/h3>\n\n\n\n<p>Vladislavovo dobrodru\u017estv\u00ed neza\u010d\u00edn\u00e1 \u0161\u0165astn\u011b, ale Vladislav v n\u011bm najde l\u00e1sku i p\u0159\u00e1tele.<\/p>\n\n\n\n<hr class=\"wp-block-separator has-alpha-channel-opacity is-style-wide\"\/>\n\n\n\n<h3 class=\"wp-block-heading has-blue-color has-text-color has-link-color wp-elements-7a695938ea23d27220ea9d5ef2ebc562\"><strong>Zapom\u00edn\u00e1n\u00ed<\/strong><\/h3>\n\n\n\n<p>Vladislav pro sv\u00e9ho p\u0159\u00edtele v\u00e9vodu souhlas\u00ed s tajnou mis\u00ed v Mo\u0159sk\u00e9 V\u011b\u017ei. Mise nakonec skon\u010d\u00ed v\u00edcem\u00e9n\u011b  s \u00fasp\u011bchem. P\u0159esto by na ni Vladislav r\u00e1d zapomn\u011bl.<\/p>\n\n\n\n<p>rozsah: 56 stran s ilustracemi (0:50 \u2013 1:40 hodin \u010dten\u00ed)<\/p>\n\n\n\n<p>Postavy : Borom\u00edr, Boleslav, Majzl\u00edk, Rastibor<\/p>\n\n\n<a  data-e-Disable-Page-Transition=\"true\" class=\"download-link filetype-icon filetype-pdf\" title=\"\" href=\"https:\/\/www.jf.cz?download=255&amp;tmstv=1777680479\" rel=\"nofollow\" id=\"download-link-255\" data-redirect=\"false\" >\n\tzapominani-1.pdf\t(3225 downloads\t)\n<\/a>\n\n\n\n<hr class=\"wp-block-separator has-alpha-channel-opacity is-style-dots\"\/>\n\n\n\n<h3 class=\"wp-block-heading has-blue-color has-text-color has-link-color wp-elements-93eba3680d0bf02ff0e3ec7161255d60\">Dovolen\u00e1 na Had\u00ed \u0159ece<\/h3>\n\n\n\n<p>Kr\u00e1tk\u00e1 pov\u00eddka o l\u00e1sce a vlastenectv\u00ed, v n\u00ed\u017e nen\u00ed jedin\u00e1 p\u0159\u00edm\u00e1 \u0159e\u010d. <\/p>\n\n\n\n<p>rozsah: 16 stran s ilustracemi (0:15 \u2013 0:30 hodin \u010dten\u00ed)<\/p>\n\n\n\n<p>Postavy: Vladislav, V\u00e1clav, Borom\u00edr, Vil\u00e9m, Rad\u016fz a Mahulena<\/p>\n\n\n<a  data-e-Disable-Page-Transition=\"true\" class=\"download-link filetype-icon filetype-pdf\" title=\"\" href=\"https:\/\/www.jf.cz?download=283&amp;tmstv=1777680479\" rel=\"nofollow\" id=\"download-link-283\" data-redirect=\"false\" >\n\tdovolena-1.pdf\t(12679 downloads\t)\n<\/a>\n\n\n\n<hr class=\"wp-block-separator has-alpha-channel-opacity is-style-dots\"\/>\n\n\n\n<h3 class=\"wp-block-heading\"><strong><mark style=\"background-color:rgba(0, 0, 0, 0)\" class=\"has-inline-color has-blue-color\">Nov\u00fd \u017eivot<\/mark><\/strong><\/h3>\n\n\n\n<p>Pov\u00eddka, ve kter\u00e9 Vladislav ani jednou netas\u00ed sv\u016fj me\u010d, p\u0159esto\u017ee je neust\u00e1le v defenz\u00edv\u011b <\/p>\n\n\n\n<p>rozsah: 19 stran (0:20 \u2013 0:40 hodin \u010dten\u00ed) <\/p>\n\n\n\n<p>Postavy: Jaroslava, Boleslav, Borom\u00edr, Krasavice<\/p>\n\n\n<a  data-e-Disable-Page-Transition=\"true\" class=\"download-link filetype-icon filetype-pdf\" title=\"\" href=\"https:\/\/www.jf.cz?download=160&amp;tmstv=1777680479\" rel=\"nofollow\" id=\"download-link-160\" data-redirect=\"false\" >\n\tnovy-zivot-2.pdf\t(1473 downloads\t)\n<\/a>\n\n\n\n<hr class=\"wp-block-separator has-alpha-channel-opacity is-style-dots\"\/>\n\n\n\n<h3 class=\"wp-block-heading\"><strong><mark style=\"background-color:rgba(0, 0, 0, 0)\" class=\"has-inline-color has-blue-color\">L\u00edtost<\/mark><\/strong><\/h3>\n\n\n\n<p>Temn\u00e1 pov\u00eddka o pomst\u011b a l\u00edtosti a z\u00e1kladn\u00edch pedagogick\u00fdch z\u00e1sad\u00e1ch.<\/p>\n\n\n\n<p>rozsah: 62 stran (1:00 \u2013 2:00 hodin \u010dten\u00ed) <\/p>\n\n\n\n<p>Postavy: Borom\u00edr, Valibor<\/p>\n\n\n<a  data-e-Disable-Page-Transition=\"true\" class=\"download-link filetype-icon filetype-pdf\" title=\"\" href=\"https:\/\/www.jf.cz?download=202&amp;tmstv=1777680479\" rel=\"nofollow\" id=\"download-link-202\" data-redirect=\"false\" >\n\tlitost.pdf\t(1184 downloads\t)\n<\/a>\n\n\n\n<hr class=\"wp-block-separator has-alpha-channel-opacity is-style-wide\"\/>\n\n\n\n<h3 class=\"wp-block-heading\">2. Ve slu\u017eb\u00e1ch kr\u00e1le: L\u00e1ska a nen\u00e1vist<\/h3>\n\n\n\n<p>Vladislav pozn\u00e1v\u00e1, \u017ee l\u00e1ska a nen\u00e1vist k sob\u011b nemaj\u00ed daleko.<\/p>\n\n\n\n<hr class=\"wp-block-separator has-alpha-channel-opacity is-style-wide\"\/>\n\n\n\n<h3 class=\"wp-block-heading\"><mark style=\"background-color:rgba(0, 0, 0, 0)\" class=\"has-inline-color has-blue-color\"><strong>Dobr\u00fd skutek<\/strong><\/mark><\/h3>\n\n\n\n<p>Dobr\u00fd skutek si zaslou\u017e\u00ed \u2026. Vladislav a \u010darod\u011bjka, jak to jen skon\u010d\u00ed?<\/p>\n\n\n\n<p>rozsah: 34 stran (0:35 \u20131:10 hodin \u010dten\u00ed)<\/p>\n\n\n\n<p>Postavy: Vladislav, Krasavice, V\u00e1clav, Jaroslav<\/p>\n\n\n<a  data-e-Disable-Page-Transition=\"true\" class=\"download-link filetype-icon filetype-pdf\" title=\"\" href=\"https:\/\/www.jf.cz?download=273&amp;tmstv=1777680479\" rel=\"nofollow\" id=\"download-link-273\" data-redirect=\"false\" >\n\tdobry_skutek.pdf\t(3286 downloads\t)\n<\/a>\n\n\n\n<hr class=\"wp-block-separator has-alpha-channel-opacity\"\/>\n\n\n\n<h3 class=\"wp-block-heading\"><strong><mark style=\"background-color:rgba(0, 0, 0, 0)\" class=\"has-inline-color has-blue-color\">Pam\u011btn\u00ed \u0161estigro\u0161<\/mark><\/strong><\/h3>\n\n\n\n<p>Tak trochu detektivn\u00ed pov\u00eddka o vy\u0161et\u0159ov\u00e1n\u00ed zlo\u010dinu v kr\u00e1lovsk\u00e9 mincovn\u011b.<\/p>\n\n\n\n<p>rozsah: 37 stran (0:36 \u2013 1:12 hodin \u010dten\u00ed) <\/p>\n\n\n\n<p>Postavy: V\u00e1clav, Krasavice, Valibor, Jaroslav<\/p>\n\n\n\n<p><\/p>\n\n\n<a  data-e-Disable-Page-Transition=\"true\" class=\"download-link filetype-icon filetype-pdf\" title=\"\" href=\"https:\/\/www.jf.cz?download=72&amp;tmstv=1777680479\" rel=\"nofollow\" id=\"download-link-72\" data-redirect=\"false\" >\n\tsestigros4.pdf\t(1867 downloads\t)\n<\/a>\n\n\n\n<hr class=\"wp-block-separator has-alpha-channel-opacity is-style-dots\"\/>\n\n\n\n<h3 class=\"wp-block-heading\"><strong><mark style=\"background-color:rgba(0, 0, 0, 0)\" class=\"has-inline-color has-blue-color\">Poh\u00e1dka o kr\u00e1sn\u00e9 princezn\u011b a zl\u00e9m drakovi<\/mark><\/strong><\/h3>\n\n\n\n<p>Pov\u00eddka, v n\u00ed\u017e Vil\u00e9m vypr\u00e1v\u00ed poh\u00e1dku dv\u011bma d\u011btem, dv\u011bma voj\u00e1k\u016fm a inteligentn\u00ed kobylce.<\/p>\n\n\n\n<p>rozsah: 46 stran (0:45 \u2013 1:30 hodin \u010dten\u00ed)<\/p>\n\n\n\n<p>Postavy: Vil\u00e9m, Ludmilka, Sob\u011bsl\u00e1vek, V\u00e1clav, Krasavice, (princezna, drakobijce, drak)<\/p>\n\n\n<a  data-e-Disable-Page-Transition=\"true\" class=\"download-link filetype-icon filetype-pdf\" title=\"\" href=\"https:\/\/www.jf.cz?download=239&amp;tmstv=1777680479\" rel=\"nofollow\" id=\"download-link-239\" data-redirect=\"false\" >\n\tpohadka.pdf\t(1254 downloads\t)\n<\/a>\n\n\n\n<hr class=\"wp-block-separator has-alpha-channel-opacity is-style-dots\"\/>\n\n\n\n<h3 class=\"wp-block-heading\"><strong><mark style=\"background-color:rgba(0, 0, 0, 0)\" class=\"has-inline-color has-blue-color\">Kon\u011b a jezdci<\/mark><\/strong><\/h3>\n\n\n\n<p>Pov\u00eddka, kter\u00e1 p\u0159in\u00e1\u0161\u00ed odpov\u011b\u010f na ot\u00e1zku, pro\u010d Krasavice neskon\u010d\u00ed v ko\u0148sk\u00e9m r\u00e1ji.<\/p>\n\n\n\n<p>Pov\u00eddka obsahuje dialog v ko\u0148sk\u00e9 \u0159e\u010di.<\/p>\n\n\n\n<p>rozsah: 39 stran (0:40 \u2013 1:20 hodin \u010dten\u00ed) <\/p>\n\n\n\n<p>Postavy: Krasavice, Vil\u00e9m.<\/p>\n\n\n<a  data-e-Disable-Page-Transition=\"true\" class=\"download-link filetype-icon filetype-pdf\" title=\"\" href=\"https:\/\/www.jf.cz?download=207&amp;tmstv=1777680479\" rel=\"nofollow\" id=\"download-link-207\" data-redirect=\"false\" >\n\tkone_a_jezdci-1.pdf\t(1324 downloads\t)\n<\/a>\n\n\n\n<hr class=\"wp-block-separator has-alpha-channel-opacity is-style-dots\"\/>\n\n\n\n<h3 class=\"wp-block-heading\"><strong><mark style=\"background-color:rgba(0, 0, 0, 0)\" class=\"has-inline-color has-blue-color\">Pomo\u0159ansk\u00fd levobo\u010dek<\/mark><\/strong><\/h3>\n\n\n\n<p>Pov\u00eddka, v n\u00ed\u017e Vladislav bloud\u00ed lesem i d\u017eungl\u00ed pomo\u0159ansk\u00e9 politiky.<\/p>\n\n\n\n<p>rozsah: 95 stran (1:30 \u2013 3:00 hodin \u010dten\u00ed) <\/p>\n\n\n\n<p>Postavy: Vil\u00e9m, Valibor, Krasavice, Jaroslav<\/p>\n\n\n<a  data-e-Disable-Page-Transition=\"true\" class=\"download-link filetype-icon filetype-pdf\" title=\"\" href=\"https:\/\/www.jf.cz?download=114&amp;tmstv=1777680479\" rel=\"nofollow\" id=\"download-link-114\" data-redirect=\"false\" >\n\tlevobocek-9.pdf\t(1915 downloads\t)\n<\/a>\n\n\n\n<hr class=\"wp-block-separator has-alpha-channel-opacity is-style-wide\"\/>\n\n\n\n<h3 class=\"wp-block-heading\">3. Ve slu\u017eb\u00e1ch kr\u00e1le: \u010cas na l\u00e1sku<\/h3>\n\n\n\n<p>Vladislav jako barbar v civilizovan\u00e9m Prytansku.<\/p>\n\n\n\n<p class=\"has-light-gray-background-color has-background\"> <a rel=\"license\" href=\"http:\/\/creativecommons.org\/licenses\/by-nc-nd\/4.0\/\"><img decoding=\"async\" style=\"border-width:0\" src=\"https:\/\/i.creativecommons.org\/l\/by-nc-nd\/4.0\/88x31.png\" alt=\"Licence Creative Commons\"><\/a><br>D\u00edla na t\u00e9to str\u00e1nce podl\u00e9haj\u00ed licenci <a rel=\"license\" href=\"http:\/\/creativecommons.org\/licenses\/by-nc-nd\/4.0\/\">Creative Commons Uve\u010fte p\u016fvod-Neu\u017e\u00edvejte komer\u010dn\u011b-Nezpracov\u00e1vejte 4.0 Mezin\u00e1rodn\u00ed License<\/a>. <\/p>\n","protected":false},"excerpt":{"rendered":"<p>N\u00e1sleduj\u00edc\u00ed pov\u00eddky jsou zdarma ke sta\u017een\u00ed. Lze je \u010d\u00edst i bez znalosti p\u0159\u00edslu\u0161n\u00fdch knih, ale p\u0159irozen\u011b obsahuj\u00ed odkazy na jejich d\u011bj, postavy i m\u00edsta. Text je form\u00e1tov\u00e1n pro pou\u017eit\u00ed na mobiln\u00edch za\u0159\u00edzen\u00edch (str\u00e1nka A6 a \u00fazk\u00e9 okraje). Doba \u010dten\u00ed: pro &hellip; <a href=\"https:\/\/www.jf.cz\/?page_id=68\">Cel\u00fd p\u0159\u00edsp\u011bvek <span class=\"meta-nav\">&rarr;<\/span><\/a><\/p>\n","protected":false},"author":1,"featured_media":0,"parent":0,"menu_order":0,"comment_status":"closed","ping_status":"closed","template":"","meta":{"footnotes":""},"class_list":["post-68","page","type-page","status-publish","hentry"],"_links":{"self":[{"href":"https:\/\/www.jf.cz\/index.php?rest_route=\/wp\/v2\/pages\/68","targetHints":{"allow":["GET"]}}],"collection":[{"href":"https:\/\/www.jf.cz\/index.php?rest_route=\/wp\/v2\/pages"}],"about":[{"href":"https:\/\/www.jf.cz\/index.php?rest_route=\/wp\/v2\/types\/page"}],"author":[{"embeddable":true,"href":"https:\/\/www.jf.cz\/index.php?rest_route=\/wp\/v2\/users\/1"}],"replies":[{"embeddable":true,"href":"https:\/\/www.jf.cz\/index.php?rest_route=%2Fwp%2Fv2%2Fcomments&post=68"}],"version-history":[{"count":22,"href":"https:\/\/www.jf.cz\/index.php?rest_route=\/wp\/v2\/pages\/68\/revisions"}],"predecessor-version":[{"id":288,"href":"https:\/\/www.jf.cz\/index.php?rest_route=\/wp\/v2\/pages\/68\/revisions\/288"}],"wp:attachment":[{"href":"https:\/\/www.jf.cz\/index.php?rest_route=%2Fwp%2Fv2%2Fmedia&parent=68"}],"curies":[{"name":"wp","href":"https:\/\/api.w.org\/{rel}","templated":true}]}}